{"id":7472,"date":"2016-02-22T14:29:37","date_gmt":"2016-02-22T13:29:37","guid":{"rendered":"http:\/\/skolbibliotek.nackagymnasium.info\/?page_id=7472"},"modified":"2026-03-02T13:04:49","modified_gmt":"2026-03-02T12:04:49","slug":"normkritik-hbtq","status":"publish","type":"page","link":"https:\/\/www.nackagymnasium.info\/skolbibliotek\/vad-vi-gor\/normkritik-hbtq\/","title":{"rendered":"Normkritik och HBTQ"},"content":{"rendered":"\n<p>Ett av bibliotekets m\u00e5l \u00e4r att arbeta normkritiskt. Vi vill att biblioteket ska vara inkluderande och tillg\u00e4ngligt f\u00f6r alla. Alla p\u00e5 skolan ska k\u00e4nna sig trygga och accepterade &#8211; och f\u00e5 vara sig sj\u00e4lva.<\/p>\n\n\n\n<p>Bibliotekets normkritiska arbete ing\u00e5r som ett fr\u00e4mjande arbete i Nacka gymnasiums Likabehandlingsplan.<\/p>\n\n\n\n<h1 class=\"wp-block-heading\"><strong>HBTQ p\u00e5 biblioteket<\/strong><\/h1>\n\n\n\n<p>Vi str\u00e4var efter att alltid ha normkritik och HBTQ som en integrerad del av v\u00e5rt arbetss\u00e4tt.<\/p>\n\n\n\n<p>F\u00f6r att synligg\u00f6ra bibliotekets HBTQ-litteratur har vi valt att lyfta fram HBTQ-b\u00f6cker centralt i biblioteket och skapat litteraturlistan <a rel=\"noopener noreferrer\" href=\"https:\/\/docs.google.com\/document\/d\/1u0XrsbHzqO7cGSuZIyVdOXsI1NWSOluKSLLJ--9foZE\/edit?usp=sharing\" target=\"_blank\"><strong>&#8221;HBTQ-litteratur p\u00e5 NGbib&#8221;<\/strong><\/a>.<\/p>\n\n\n\n<figure class=\"wp-block-image\"><img loading=\"lazy\" decoding=\"async\" width=\"600\" height=\"338\" src=\"https:\/\/www.nackagymnasium.info\/skolbibliotek\/wp-content\/uploads\/2018\/05\/hbtqhylla.jpg\" alt=\"HBTQ-hyllan i bibliotekrt med regnb\u00e5gsflagga och skyltade b\u00f6cker\" class=\"wp-image-10747\" srcset=\"https:\/\/www.nackagymnasium.info\/skolbibliotek\/wp-content\/uploads\/2018\/05\/hbtqhylla.jpg 600w, https:\/\/www.nackagymnasium.info\/skolbibliotek\/wp-content\/uploads\/2018\/05\/hbtqhylla-300x169.jpg 300w\" sizes=\"auto, (max-width: 600px) 85vw, 600px\" \/><\/figure>\n\n\n\n<h1 class=\"wp-block-heading\"><strong>F\u00f6r l\u00e4rare<\/strong><\/h1>\n\n\n\n<p>I arbetet med HBTQ och normkritik rekommenderar vi:<\/p>\n\n\n\n<ul class=\"wp-block-list\">\n<li><strong><a href=\"https:\/\/www.rfsl.se\/wp-content\/uploads\/2020\/01\/OavsettKo%CC%88n.pdf\" target=\"_blank\" rel=\"noreferrer noopener\">&#8221;Oavsett k\u00f6n? Handbok f\u00f6r arbete med j\u00e4mst\u00e4lldhet och trans&#8221;<\/a><\/strong>, RFSL 2020.<\/li>\n\n\n\n<li><a href=\"https:\/\/forte.se\/upptack-forskning\/publikationer\/ung-och-hbtq\" target=\"_blank\" rel=\"noreferrer noopener\"><strong>\u201dUng och HBTQ\u201d<\/strong><\/a>, Forte 2020. Informationsfolder som riktar sig direkt till unga.<\/li>\n\n\n\n<li><strong><a href=\"https:\/\/www.mucf.se\/publikationer\/olika-verkligheter\" target=\"_blank\" rel=\"noreferrer noopener\">&#8221;Olika verkligheter. Unga HBTQ-personer om sina livsvillkor&#8221;<\/a><\/strong>, MUCF 2019. Rapport.<\/li>\n\n\n\n<li><strong><a href=\"https:\/\/forte.se\/upptack-forskning\/publikationer\/halsa-och-livsvillkor-bland-unga-hbtq-personer\" target=\"_blank\" rel=\"noreferrer noopener\">&#8221;H\u00e4lsa och livsvillkor bland unga HBTQ-personer&#8221;<\/a><\/strong>, Richard Br\u00e4nstr\u00f6m f\u00f6r Forte 2018. Rapport och forsknings\u00f6versikt.<\/li>\n\n\n\n<li><strong><a href=\"https:\/\/www.levandehistoria.se\/hbtq\" target=\"_blank\" rel=\"noreferrer noopener\">&#8221;HBTQ, normer och makt&#8221;<\/a><\/strong>, Forum f\u00f6r levande historia. Utbildningsmaterial p\u00e5 webben, inklusive <strong><a href=\"https:\/\/www.levandehistoria.se\/klassrummet\/hbtq\/Lararhandledning\" target=\"_blank\" rel=\"noreferrer noopener\">l\u00e4rarhandledning<\/a><\/strong>.<\/li>\n\n\n\n<li><strong><a href=\"https:\/\/www.levandehistoria.se\/wp-content\/uploads\/2022\/12\/Bryt.pdf\">&#8221;Bryt&#8221;<\/a><\/strong>, RFSL Ungdom och Forum f\u00f6r levande historia 2011. Metodmaterial i pdf-form f\u00f6r nedladdning. <\/li>\n\n\n\n<li><a href=\"https:\/\/transammans.se\/material\/\" target=\"_blank\" rel=\"noreferrer noopener\"><strong>Rapporter, broschyrer och annat material<\/strong><\/a> fr\u00e5n f\u00f6rbundet Transammans.<\/li>\n<\/ul>\n\n\n\n<p><\/p>\n","protected":false},"excerpt":{"rendered":"<p>Ett av bibliotekets m\u00e5l \u00e4r att arbeta normkritiskt. Vi vill att biblioteket ska vara inkluderande och tillg\u00e4ngligt f\u00f6r alla. Alla p\u00e5 skolan ska k\u00e4nna sig trygga och accepterade &#8211; och f\u00e5 vara sig sj\u00e4lva. Bibliotekets normkritiska arbete ing\u00e5r som ett fr\u00e4mjande arbete i Nacka gymnasiums Likabehandlingsplan. HBTQ p\u00e5 biblioteket Vi str\u00e4var efter att alltid ha &hellip; <a href=\"https:\/\/www.nackagymnasium.info\/skolbibliotek\/vad-vi-gor\/normkritik-hbtq\/\" class=\"more-link\">Forts\u00e4tt l\u00e4sa<span class=\"screen-reader-text\"> \u201dNormkritik och HBTQ\u201d<\/span><\/a><\/p>\n","protected":false},"author":1,"featured_media":0,"parent":11658,"menu_order":3,"comment_status":"open","ping_status":"open","template":"","meta":{"footnotes":""},"class_list":["post-7472","page","type-page","status-publish","hentry"],"_links":{"self":[{"href":"https:\/\/www.nackagymnasium.info\/skolbibliotek\/wp-json\/wp\/v2\/pages\/7472","targetHints":{"allow":["GET"]}}],"collection":[{"href":"https:\/\/www.nackagymnasium.info\/skolbibliotek\/wp-json\/wp\/v2\/pages"}],"about":[{"href":"https:\/\/www.nackagymnasium.info\/skolbibliotek\/wp-json\/wp\/v2\/types\/page"}],"author":[{"embeddable":true,"href":"https:\/\/www.nackagymnasium.info\/skolbibliotek\/wp-json\/wp\/v2\/users\/1"}],"replies":[{"embeddable":true,"href":"https:\/\/www.nackagymnasium.info\/skolbibliotek\/wp-json\/wp\/v2\/comments?post=7472"}],"version-history":[{"count":39,"href":"https:\/\/www.nackagymnasium.info\/skolbibliotek\/wp-json\/wp\/v2\/pages\/7472\/revisions"}],"predecessor-version":[{"id":12701,"href":"https:\/\/www.nackagymnasium.info\/skolbibliotek\/wp-json\/wp\/v2\/pages\/7472\/revisions\/12701"}],"up":[{"embeddable":true,"href":"https:\/\/www.nackagymnasium.info\/skolbibliotek\/wp-json\/wp\/v2\/pages\/11658"}],"wp:attachment":[{"href":"https:\/\/www.nackagymnasium.info\/skolbibliotek\/wp-json\/wp\/v2\/media?parent=7472"}],"curies":[{"name":"wp","href":"https:\/\/api.w.org\/{rel}","templated":true}]}}